{"id":2183,"date":"2024-01-16T16:54:19","date_gmt":"2024-01-16T15:54:19","guid":{"rendered":"http:\/\/74.234.24.151\/?page_id=2183"},"modified":"2024-05-30T12:10:30","modified_gmt":"2024-05-30T10:10:30","slug":"area-atencion-psicologica","status":"publish","type":"page","link":"https:\/\/xn--acladcorua-19a.es\/gl\/areas-programas\/area-atencion-psicologica\/","title":{"rendered":"\u00c1rea de Atenci\u00f3n Psicol\u00f3gica"},"content":{"rendered":"<h3 class=\"wp-block-heading has-text-align-center\"><em>El \u00e9xito es la suma de peque\u00f1os esfuerzos repetidos d\u00eda tras d\u00eda<\/em><\/h3>\n\n\n\n<p class=\"has-text-align-center\">&#8211; Robert Collier &#8211;<\/p>\n\n\n\n<div class=\"section-wrapper\" data-id=\"dtMsOb\"><section class=\"wp-block-gutenverse-section guten-element guten-section guten-dtMsOb layout-boxed align-stretch\"><div class=\"guten-background-overlay\"><\/div><div class=\"guten-shape-divider guten-shape-divider-top\"><\/div><div class=\"guten-shape-divider guten-shape-divider-bottom\"><\/div><div class=\"guten-container guten-column-gap-default\">\n<div class=\"wp-block-gutenverse-column guten-element guten-column guten-WjieAc\"><div class=\"guten-background-overlay\"><\/div><div class=\"sticky-wrapper\" data-id=\"WjieAc\"><div class=\"guten-column-wrapper\">\n<div class=\"section-wrapper\" data-id=\"AVsnK7\"><section class=\"wp-block-gutenverse-section guten-element guten-section guten-AVsnK7 layout-boxed align-stretch\"><div class=\"guten-background-overlay\"><\/div><div class=\"guten-shape-divider guten-shape-divider-top\"><\/div><div class=\"guten-shape-divider guten-shape-divider-bottom\"><\/div><div class=\"guten-container guten-column-gap-default\">\n<div class=\"wp-block-gutenverse-column guten-element guten-column guten-tE7kw8\"><div class=\"guten-background-overlay\"><\/div><div class=\"sticky-wrapper\" data-id=\"tE7kw8\"><div class=\"guten-column-wrapper\">\n<div class=\"section-wrapper\" data-id=\"VNDX9i\"><section class=\"wp-block-gutenverse-section guten-element guten-section guten-VNDX9i layout-boxed align-stretch\"><div class=\"guten-background-overlay\"><\/div><div class=\"guten-shape-divider guten-shape-divider-top\"><\/div><div class=\"guten-shape-divider guten-shape-divider-bottom\"><\/div><div class=\"guten-container guten-column-gap-no\">\n<div class=\"wp-block-gutenverse-column guten-element guten-column guten-lUosFd\"><div class=\"guten-background-overlay\"><\/div><div class=\"sticky-wrapper\" data-id=\"lUosFd\"><div class=\"guten-column-wrapper\">\n<div class=\"section-wrapper\" data-id=\"vREjfm\"><section class=\"wp-block-gutenverse-section guten-element guten-section guten-vREjfm layout-boxed align-stretch\"><div class=\"guten-background-overlay\"><\/div><div class=\"guten-shape-divider guten-shape-divider-top\"><\/div><div class=\"guten-shape-divider guten-shape-divider-bottom\"><\/div><div class=\"guten-container guten-column-gap-no\">\n<div class=\"wp-block-gutenverse-column guten-element guten-column guten-BF3LUn\"><div class=\"guten-background-overlay\"><\/div><div class=\"sticky-wrapper\" data-id=\"BF3LUn\"><div class=\"guten-column-wrapper\">\n<h5 class=\"wp-block-gutenverse-heading guten-element guten-zLpD4R animated guten-element-hide desktop-fadeInLeft\">\u00c1REA DE ATENCI\u00d3N PSICOL\u00d3GICA<\/h5>\n\n\n\n<h2 class=\"wp-block-gutenverse-heading guten-element guten-1haprP animated guten-element-hide desktop-fadeInLeft\">C\u00f3mo lo hacemos<\/h2>\n<\/div><\/div><\/div>\n\n\n\n<div class=\"wp-block-gutenverse-column guten-element guten-column guten-mo5KQ6\"><div class=\"guten-background-overlay\"><\/div><div class=\"sticky-wrapper\" data-id=\"mo5KQ6\"><div class=\"guten-column-wrapper\">\n<div class=\"guten-element gutenverse-text-editor guten-icEbvT animated guten-element-hide desktop-fadeInUp\"><div class=\"text-content-inner\">\n<p>El papel del psic\u00f3logo cl\u00ednico en ACLAD es el de brindar apoyo y tratamiento a las personas que presentan conductas adictivas<\/p>\n<\/div><\/div>\n<\/div><\/div><\/div>\n<\/div><\/section><\/div>\n\n\n\n<div class=\"section-wrapper\" data-id=\"sUgFvO\"><section class=\"wp-block-gutenverse-section guten-element guten-section guten-sUgFvO layout-boxed align-stretch\"><div class=\"guten-background-overlay\"><\/div><div class=\"guten-shape-divider guten-shape-divider-top\"><\/div><div class=\"guten-shape-divider guten-shape-divider-bottom\"><\/div><div class=\"guten-container guten-column-gap-no\">\n<div class=\"wp-block-gutenverse-column guten-element guten-column guten-kh6PoN\"><div class=\"guten-background-overlay\"><\/div><div class=\"sticky-wrapper\" data-id=\"kh6PoN\"><div class=\"guten-column-wrapper\">\n<div class=\"guten-element guten-ScPHtY animated guten-element-hide desktop-fadeInUp guten-icon-box icon-position-left\"><div class=\"guten-icon-box-wrapper hover-from-left\"><div class=\"icon-box icon-box-header\"><div class=\"icon style-color\"><i class=\"gtn gtn-eye1-light\"><\/i><\/div><\/div><div class=\"icon-box icon-box-body\"><h2 class=\"title\">Evaluaci\u00f3n y diagn\u00f3stico<\/h2><p class=\"icon-box-description\">El psic\u00f3logo busca <strong>comprender la naturaleza del problema<\/strong> de abuso de sustancias. <br><br>Eval\u00faa la historia personal, social y psicol\u00f3gica de la persona, y tambi\u00e9n identifica factores desencadenantes y de riesgo.<\/p><\/div><\/div><\/div>\n<\/div><\/div><\/div>\n\n\n\n<div class=\"wp-block-gutenverse-column guten-element guten-column guten-tz9huS\"><div class=\"guten-background-overlay\"><\/div><div class=\"sticky-wrapper\" data-id=\"tz9huS\"><div class=\"guten-column-wrapper\">\n<div class=\"guten-element guten-Sg6D8P animated guten-element-hide desktop-fadeInUp guten-icon-box icon-position-left\"><div class=\"guten-icon-box-wrapper hover-from-left\"><div class=\"icon-box icon-box-header\"><div class=\"icon style-color\"><i class=\"gtn gtn-user1-light\"><\/i><\/div><\/div><div class=\"icon-box icon-box-body\"><h2 class=\"title\">Tratamiento individualizado<\/h2><p class=\"icon-box-description\">Desarrollamos planes de tratamiento personalizados para<strong> poder abordar las necesidades concretas y espec\u00edficas de cada persona<\/strong>.<br><br>Podemos incluir terapia cognitivo-conductual, terapia motivacional, terapia de grupo, terapia familiar y otras modalidades de tratamiento.<\/p><\/div><\/div><\/div>\n<\/div><\/div><\/div>\n<\/div><\/section><\/div>\n\n\n\n<div class=\"section-wrapper\" data-id=\"DOiP1r\"><section class=\"wp-block-gutenverse-section guten-element guten-section guten-DOiP1r layout-boxed align-stretch\"><div class=\"guten-background-overlay\"><\/div><div class=\"guten-shape-divider guten-shape-divider-top\"><\/div><div class=\"guten-shape-divider guten-shape-divider-bottom\"><\/div><div class=\"guten-container guten-column-gap-no\">\n<div class=\"wp-block-gutenverse-column guten-element guten-column guten-tM1n84\"><div class=\"guten-background-overlay\"><\/div><div class=\"sticky-wrapper\" data-id=\"tM1n84\"><div class=\"guten-column-wrapper\">\n<div class=\"guten-element guten-cbvWFt animated guten-element-hide desktop-fadeInUp guten-icon-box icon-position-left\"><div class=\"guten-icon-box-wrapper hover-from-left\"><div class=\"icon-box icon-box-header\"><div class=\"icon style-color\"><i class=\"gtn gtn-heart11-light\"><\/i><\/div><\/div><div class=\"icon-box icon-box-body\"><h2 class=\"title\">Apoyo emocional<\/h2><p class=\"icon-box-description\">Brindamos <strong>apoyo emocional durante todo el proceso<\/strong>. <br><br>El psic\u00f3logo ayudar\u00e1 a la persona a manejar el estr\u00e9s, la ansiedad, la depresi\u00f3n y otros problemas emocionales que, a menudo, est\u00e1n relacionados con el abuso de sustancias.<\/p><\/div><\/div><\/div>\n<\/div><\/div><\/div>\n\n\n\n<div class=\"wp-block-gutenverse-column guten-element guten-column guten-nQTY31\"><div class=\"guten-background-overlay\"><\/div><div class=\"sticky-wrapper\" data-id=\"nQTY31\"><div class=\"guten-column-wrapper\">\n<div class=\"guten-element guten-07izug animated guten-element-hide desktop-fadeInUp guten-icon-box icon-position-left\"><div class=\"guten-icon-box-wrapper hover-from-left\"><div class=\"icon-box icon-box-header\"><div class=\"icon style-color\"><i class=\"gtn gtn-hand-light\"><\/i><\/div><\/div><div class=\"icon-box icon-box-body\"><h2 class=\"title\">Prevenci\u00f3n de reca\u00eddas<\/h2><p class=\"icon-box-description\">Trabajamos en estrategias para prevenir reca\u00eddas y ayudamos a las personas a <strong>desarrollar habilidades de afrontamiento efectivas<\/strong>.<br><br>Esto puede incluir la identificaci\u00f3n de desencadenantes, el desarrollo de habilidades de afrontamiento y la planificaci\u00f3n para situaciones de alto riesgo.<\/p><\/div><\/div><\/div>\n<\/div><\/div><\/div>\n<\/div><\/section><\/div>\n\n\n\n<div class=\"section-wrapper\" data-id=\"DOiP1r\"><section class=\"wp-block-gutenverse-section guten-element guten-section guten-DOiP1r layout-boxed align-stretch\"><div class=\"guten-background-overlay\"><\/div><div class=\"guten-shape-divider guten-shape-divider-top\"><\/div><div class=\"guten-shape-divider guten-shape-divider-bottom\"><\/div><div class=\"guten-container guten-column-gap-no\">\n<div class=\"wp-block-gutenverse-column guten-element guten-column guten-tM1n84\"><div class=\"guten-background-overlay\"><\/div><div class=\"sticky-wrapper\" data-id=\"tM1n84\"><div class=\"guten-column-wrapper\">\n<div class=\"guten-element guten-cbvWFt animated guten-element-hide desktop-fadeInUp guten-icon-box icon-position-left\"><div class=\"guten-icon-box-wrapper hover-from-left\"><div class=\"icon-box icon-box-header\"><div class=\"icon style-color\"><i class=\"gtn gtn-book-reader-solid\"><\/i><\/div><\/div><div class=\"icon-box icon-box-body\"><h2 class=\"title\">Educaci\u00f3n<\/h2><p class=\"icon-box-description\">Proporcionamos educaci\u00f3n y formaci\u00f3n sobre los efectos de las sustancias y los factores que contribuyen al abuso y la dependencia. <br><br>Tambi\u00e9n brindamos informaci\u00f3n sobre estrategias de prevenci\u00f3n.<\/p><\/div><\/div><\/div>\n<\/div><\/div><\/div>\n\n\n\n<div class=\"wp-block-gutenverse-column guten-element guten-column guten-nQTY31\"><div class=\"guten-background-overlay\"><\/div><div class=\"sticky-wrapper\" data-id=\"nQTY31\"><div class=\"guten-column-wrapper\">\n<div class=\"guten-element guten-07izug animated guten-element-hide desktop-fadeInUp guten-icon-box icon-position-left\"><div class=\"guten-icon-box-wrapper hover-from-left\"><div class=\"icon-box icon-box-header\"><div class=\"icon style-color\"><i class=\"gtn gtn-Family-light\"><\/i><\/div><\/div><div class=\"icon-box icon-box-body\"><h2 class=\"title\">Intervenci\u00f3n familiar<\/h2><p class=\"icon-box-description\">Involucramos a la familia en el proceso de tratamiento siempre que resulta apropiado.<br><br>La terapia familiar puede ser beneficiosa para abordar din\u00e1micas familiares disfuncionales que puedan estar contribuyendo al problema.<\/p><\/div><\/div><\/div>\n<\/div><\/div><\/div>\n<\/div><\/section><\/div>\n\n\n\n<div class=\"section-wrapper\" data-id=\"DOiP1r\"><section class=\"wp-block-gutenverse-section guten-element guten-section guten-DOiP1r layout-boxed align-stretch\"><div class=\"guten-background-overlay\"><\/div><div class=\"guten-shape-divider guten-shape-divider-top\"><\/div><div class=\"guten-shape-divider guten-shape-divider-bottom\"><\/div><div class=\"guten-container guten-column-gap-no\">\n<div class=\"wp-block-gutenverse-column guten-element guten-column guten-tM1n84\"><div class=\"guten-background-overlay\"><\/div><div class=\"sticky-wrapper\" data-id=\"tM1n84\"><div class=\"guten-column-wrapper\">\n<div class=\"guten-element guten-cbvWFt animated guten-element-hide desktop-fadeInUp guten-icon-box icon-position-left\"><div class=\"guten-icon-box-wrapper hover-from-left\"><div class=\"icon-box icon-box-header\"><div class=\"icon style-color\"><i class=\"gtn gtn-team1-light\"><\/i><\/div><\/div><div class=\"icon-box icon-box-body\"><h2 class=\"title\">Coordinaci\u00f3n con otros profesionales<\/h2><p class=\"icon-box-description\">Nuestro equipo de psicolog\u00eda cl\u00ednica siempre trabaja coordinado con el resto de profesionales de ACLAD para garantizar una atenci\u00f3n integral y coordinada para todas las personas que se acercan en busca de ayuda.<\/p><\/div><\/div><\/div>\n<\/div><\/div><\/div>\n\n\n\n<div class=\"wp-block-gutenverse-column guten-element guten-column guten-nQTY31\"><div class=\"guten-background-overlay\"><\/div><div class=\"sticky-wrapper\" data-id=\"nQTY31\"><div class=\"guten-column-wrapper\">\n<div class=\"guten-element guten-07izug animated guten-element-hide desktop-fadeInUp guten-icon-box icon-position-left\"><div class=\"guten-icon-box-wrapper hover-from-left\"><div class=\"icon-box icon-box-header\"><div class=\"icon style-color\"><i class=\"gtn gtn-exchange-alt-solid\"><\/i><\/div><\/div><div class=\"icon-box icon-box-body\"><h2 class=\"title\">Evaluaci\u00f3n de la motivaci\u00f3n para el cambio<\/h2><p class=\"icon-box-description\">Evaluamos la disposici\u00f3n que tienen las personas para cambiar y trabajamos para fortalecer la motivaci\u00f3n hacia la recuperaci\u00f3n.<\/p><\/div><\/div><\/div>\n<\/div><\/div><\/div>\n<\/div><\/section><\/div>\n<\/div><\/div><\/div>\n<\/div><\/section><\/div>\n<\/div><\/div><\/div>\n<\/div><\/section><\/div>\n<\/div><\/div><\/div>\n<\/div><\/section><\/div>\n\n\n\n<div class=\"section-wrapper\" data-id=\"oARgOK\"><section class=\"wp-block-gutenverse-section guten-element guten-section guten-oARgOK layout-boxed align-stretch\"><div class=\"guten-background-overlay\"><\/div><div class=\"guten-shape-divider guten-shape-divider-top\"><\/div><div class=\"guten-shape-divider guten-shape-divider-bottom\"><\/div><div class=\"guten-container guten-column-gap-default\">\n<div class=\"wp-block-gutenverse-column guten-element guten-column guten-RpXgAt\"><div class=\"guten-background-overlay\"><\/div><div class=\"sticky-wrapper\" data-id=\"RpXgAt\"><div class=\"guten-column-wrapper\">\n<div class=\"section-wrapper\" data-id=\"BfKQtE\"><section class=\"wp-block-gutenverse-section guten-element guten-section guten-BfKQtE layout-boxed align-stretch\"><div class=\"guten-background-overlay\"><\/div><div class=\"guten-shape-divider guten-shape-divider-top\"><\/div><div class=\"guten-shape-divider guten-shape-divider-bottom\"><\/div><div class=\"guten-container guten-column-gap-default\">\n<div class=\"wp-block-gutenverse-column guten-element guten-column guten-1s3fH2\"><div class=\"guten-background-overlay\"><\/div><div class=\"sticky-wrapper\" data-id=\"1s3fH2\"><div class=\"guten-column-wrapper\">\n<h2 class=\"wp-block-gutenverse-heading guten-element guten-02gJGq animated guten-element-hide desktop-slideInLeft\"><\/h2>\n\n\n\n<h2 class=\"wp-block-gutenverse-heading guten-element guten-5lO5iO animated guten-element-hide desktop-fadeInLeft\">Programa de Neuropsicolog\u00eda<\/h2>\n\n\n\n<div class=\"guten-element gutenverse-text-editor guten-5yfvb8 animated guten-element-hide desktop-fadeInLeft\"><div class=\"text-content-inner\">\n<p>El objetivo principal de este programa es <strong>evaluar y tratar las alteraciones neuropsicol\u00f3gicas <\/strong>asociadas a las adicciones, as\u00ed como <strong>ayudar a los pacientes a recuperar y mantener su funci\u00f3n cognitiva y emocional <\/strong>en su proceso de recuperaci\u00f3n.<\/p>\n<\/div><\/div>\n\n\n\n<div class=\"guten-element guten-button-wrapper guten-CN89Aw\"><a class=\"guten-button guten-button-md\" href=\"http:\/\/74.234.24.151\/areas-programas\/\"><span>VOLVER A \u00c1REAS<\/span><\/a><\/div>\n<\/div><\/div><\/div>\n\n\n\n<div class=\"wp-block-gutenverse-column guten-element guten-column guten-llj4rG\"><div class=\"guten-background-overlay\"><\/div><div class=\"sticky-wrapper\" data-id=\"llj4rG\"><div class=\"guten-column-wrapper\">\n<div class=\"guten-element guten-m5iJA6 animated guten-element-hide desktop-fadeInUp guten-icon-box icon-position-left\"><div class=\"guten-icon-box-wrapper hover-from-left\"><div class=\"icon-box icon-box-header\"><div class=\"icon style-color\"><i class=\"gtn gtn-search21-light\"><\/i><\/div><\/div><div class=\"icon-box icon-box-body\"><h2 class=\"title\">Proceso de Evaluaci\u00f3n <em>(opcional)<\/em><\/h2><p class=\"icon-box-description\">Podemos realizar una evaluaci\u00f3n integral neuropsicol\u00f3gica de las funciones cognitivas, incluyendo la atenci\u00f3n, la memoria, la toma de decisiones y la funci\u00f3n ejecutiva, identificando los d\u00e9ficits cognitivos espec\u00edficos relacionados con el abuso de sustancias.<\/p><\/div><\/div><\/div>\n\n\n\n<div class=\"guten-element guten-Kux4Pa animated guten-element-hide desktop-fadeInUp guten-icon-box icon-position-left\"><div class=\"guten-icon-box-wrapper hover-from-left\"><div class=\"icon-box icon-box-header\"><div class=\"icon style-color\"><i class=\"gtn gtn-smart-light\"><\/i><\/div><\/div><div class=\"icon-box icon-box-body\"><h2 class=\"title\">Dise\u00f1o de intervenci\u00f3n<\/h2><p class=\"icon-box-description\">Desarrollamos un plan de tratamiento individualizado basado en las necesidades neuropsicol\u00f3gicas de cada paciente. En \u00e9l incluimos estrategias de rehabilitaci\u00f3n cognitiva para abordar las deficiencias cognitivas. <br><br>Trabajamos habilidades de autorregulaci\u00f3n emocional y de toma de decisiones para prevenir reca\u00eddas.<\/p><\/div><\/div><\/div>\n<\/div><\/div><\/div>\n\n\n\n<div class=\"wp-block-gutenverse-column guten-element guten-column guten-7q8ihL\"><div class=\"guten-background-overlay\"><\/div><div class=\"sticky-wrapper\" data-id=\"7q8ihL\"><div class=\"guten-column-wrapper\">\n<div class=\"guten-element guten-X0sLcm animated guten-element-hide desktop-fadeInUp guten-icon-box icon-position-left\"><div class=\"guten-icon-box-wrapper hover-from-left\"><div class=\"icon-box icon-box-header\"><div class=\"icon style-color\"><i class=\"gtn gtn-brain-light\"><\/i><\/div><\/div><div class=\"icon-box icon-box-body\"><h2 class=\"title\">Terapia neuropsicol\u00f3gica<\/h2><p class=\"icon-box-description\">Empleamos t\u00e9cnicas y ejercicios espec\u00edficos para mejorar las funciones cognitivas afectadas, como ejercicios de memoria, atenci\u00f3n y planificaci\u00f3n.<br><br>Fomentamos la neuroplasticidad cerebral a trav\u00e9s de actividades que estimulan el cerebro.<\/p><\/div><\/div><\/div>\n\n\n\n<div class=\"guten-element guten-ezU5XW animated guten-element-hide desktop-fadeInUp guten-icon-box icon-position-left\"><div class=\"guten-icon-box-wrapper hover-from-left\"><div class=\"icon-box icon-box-header\"><div class=\"icon style-color\"><i class=\"gtn gtn-review-light\"><\/i><\/div><\/div><div class=\"icon-box icon-box-body\"><h2 class=\"title\">Seguimiento y evaluaci\u00f3n continua<\/h2><p class=\"icon-box-description\">Realizamos evaluaciones peri\u00f3dicas para medir el progreso en la funci\u00f3n cognitiva y el ajuste emocional.<br><br>Ajustamos el plan de tratamiento para adecuarlo a los desaf\u00edos que vayan surgiendo y a los que debamos enfrentarnos hasta la recuperaci\u00f3n.<\/p><\/div><\/div><\/div>\n<\/div><\/div><\/div>\n<\/div><\/section><\/div>\n<\/div><\/div><\/div>\n<\/div><\/section><\/div>","protected":false},"excerpt":{"rendered":"<p>El \u00e9xito es la suma de peque\u00f1os esfuerzos repetidos d\u00eda tras d\u00eda &#8211; Robert Collier &#8211;<\/p>","protected":false},"author":2,"featured_media":1322,"parent":967,"menu_order":0,"comment_status":"closed","ping_status":"closed","template":"","meta":{"iawp_total_views":209,"footnotes":""},"class_list":["post-2183","page","type-page","status-publish","has-post-thumbnail","hentry"],"_links":{"self":[{"href":"https:\/\/xn--acladcorua-19a.es\/gl\/wp-json\/wp\/v2\/pages\/2183"}],"collection":[{"href":"https:\/\/xn--acladcorua-19a.es\/gl\/wp-json\/wp\/v2\/pages"}],"about":[{"href":"https:\/\/xn--acladcorua-19a.es\/gl\/wp-json\/wp\/v2\/types\/page"}],"author":[{"embeddable":true,"href":"https:\/\/xn--acladcorua-19a.es\/gl\/wp-json\/wp\/v2\/users\/2"}],"replies":[{"embeddable":true,"href":"https:\/\/xn--acladcorua-19a.es\/gl\/wp-json\/wp\/v2\/comments?post=2183"}],"version-history":[{"count":12,"href":"https:\/\/xn--acladcorua-19a.es\/gl\/wp-json\/wp\/v2\/pages\/2183\/revisions"}],"predecessor-version":[{"id":2614,"href":"https:\/\/xn--acladcorua-19a.es\/gl\/wp-json\/wp\/v2\/pages\/2183\/revisions\/2614"}],"up":[{"embeddable":true,"href":"https:\/\/xn--acladcorua-19a.es\/gl\/wp-json\/wp\/v2\/pages\/967"}],"wp:featuredmedia":[{"embeddable":true,"href":"https:\/\/xn--acladcorua-19a.es\/gl\/wp-json\/wp\/v2\/media\/1322"}],"wp:attachment":[{"href":"https:\/\/xn--acladcorua-19a.es\/gl\/wp-json\/wp\/v2\/media?parent=2183"}],"curies":[{"name":"wp","href":"https:\/\/api.w.org\/{rel}","templated":true}]}}