{"id":2185,"date":"2024-01-16T16:56:02","date_gmt":"2024-01-16T15:56:02","guid":{"rendered":"http:\/\/74.234.24.151\/?page_id=2185"},"modified":"2024-05-30T12:12:20","modified_gmt":"2024-05-30T10:12:20","slug":"area-psiquiatria","status":"publish","type":"page","link":"https:\/\/xn--acladcorua-19a.es\/gl\/areas-programas\/area-psiquiatria\/","title":{"rendered":"\u00c1rea de Psiquiatr\u00eda"},"content":{"rendered":"<div class=\"section-wrapper\" data-id=\"DCIHGY\"><section class=\"wp-block-gutenverse-section guten-element guten-section guten-DCIHGY layout-boxed align-stretch\"><div class=\"guten-background-overlay\"><\/div><div class=\"guten-shape-divider guten-shape-divider-top\"><\/div><div class=\"guten-shape-divider guten-shape-divider-bottom\"><\/div><div class=\"guten-container guten-column-gap-no\">\n<div class=\"wp-block-gutenverse-column guten-element guten-column guten-D46z7W\"><div class=\"guten-background-overlay\"><\/div><div class=\"sticky-wrapper\" data-id=\"D46z7W\"><div class=\"guten-column-wrapper\">\n<h2 class=\"wp-block-gutenverse-heading guten-element guten-jZ3IRh animated guten-element-hide desktop-fadeInUp\"><em>La salud es el estado de completo bienestar f\u00edsico, mental y social, y no solo la ausencia de afecciones o enfermedades<\/em><\/h2>\n\n\n\n<div class=\"guten-element gutenverse-text-editor guten-oA92ji animated guten-element-hide desktop-fadeInUp\"><div class=\"text-content-inner\">\n<p>El psiquiatra se encargar\u00e1 de la<strong> evaluaci\u00f3n, el diagn\u00f3stico y el plan de tratamiento<\/strong> dirigido a alcanzar la abstinencia o la reducci\u00f3n de da\u00f1os.<\/p>\n\n\n\n<p> Este trabajo se encuadrar\u00e1 dentro de un abordaje multidisciplinar con el resto del equipo de ACLAD y abordar\u00e1 el trastorno por uso de sustancias propiamente dicho: <strong>desintoxicaci\u00f3n y deshabituaci\u00f3n<\/strong>.<\/p>\n<\/div><\/div>\n\n\n\n<div class=\"section-wrapper\" data-id=\"u4KUuP\"><section class=\"wp-block-gutenverse-section guten-element guten-section guten-u4KUuP animated guten-element-hide desktop-fadeInUp layout-boxed align-stretch\"><div class=\"guten-background-overlay\"><\/div><div class=\"guten-shape-divider guten-shape-divider-top\"><\/div><div class=\"guten-shape-divider guten-shape-divider-bottom\"><\/div><div class=\"guten-container guten-column-gap-no\">\n<div class=\"wp-block-gutenverse-column guten-element guten-column guten-uMa1vL\"><div class=\"guten-background-overlay\"><\/div><div class=\"sticky-wrapper\" data-id=\"uMa1vL\"><div class=\"guten-column-wrapper\">\n<div class=\"wp-block-gutenverse-image guten-element guten-image guten-2ybBZ3\"><a class=\"guten-image-wrapper\"><img loading=\"lazy\" decoding=\"async\" class=\"gutenverse-image-box-filled\" src=\"http:\/\/74.234.24.151\/wp-content\/uploads\/2024\/01\/What-is-Hepatitis-C-scaled.jpg\" height=\"1707\" width=\"2560\"\/><\/a><\/div>\n\n\n\n<div class=\"guten-element guten-6nszhc guten-icon-box icon-position-left\"><div class=\"guten-icon-box-wrapper hover-from-left\"><div class=\"icon-box icon-box-body\"><h2 class=\"title\">Patolog\u00edas f\u00edsicas<\/h2><p class=\"icon-box-description\">El m\u00e9dico psiquiatra evaluar\u00e1 la presencia de patolog\u00edas f\u00edsicas que puedan estar ocasionadas por el propio consumo de las sustancias o por la v\u00eda de uso. <br>En estos casos se coordinar\u00e1 con atenci\u00f3n primaria o especializada para el tratamiento y seguimiento de estas patolog\u00edas.<\/p><\/div><\/div><\/div>\n<\/div><\/div><\/div>\n\n\n\n<div class=\"wp-block-gutenverse-column guten-element guten-column guten-0rWBqY\"><div class=\"guten-background-overlay\"><\/div><div class=\"sticky-wrapper\" data-id=\"0rWBqY\"><div class=\"guten-column-wrapper\">\n<div class=\"wp-block-gutenverse-image guten-element guten-image guten-lbxMiJ\"><a class=\"guten-image-wrapper\"><img loading=\"lazy\" decoding=\"async\" class=\"gutenverse-image-box-filled\" src=\"http:\/\/74.234.24.151\/wp-content\/uploads\/2024\/01\/enfermedadmental.jpg\" height=\"650\" width=\"1200\"\/><\/a><\/div>\n\n\n\n<div class=\"guten-element guten-U8Ejav guten-icon-box icon-position-left\"><div class=\"guten-icon-box-wrapper hover-from-left\"><div class=\"icon-box icon-box-body\"><h2 class=\"title\">Enfermedades mentales<\/h2><p class=\"icon-box-description\">Valorar\u00e1 y tratar\u00e1 la existencia de enfermedades mentales (trastornos de ansiedad, trastornos obsesivos, depresi\u00f3n, trastorno por d\u00e9ficit de atenci\u00f3n e hiperactividad, trastornos de personalidad, trastorno bipolar, esquizofrenia\u2026). <\/p><\/div><\/div><\/div>\n<\/div><\/div><\/div>\n\n\n\n<div class=\"wp-block-gutenverse-column guten-element guten-column guten-n7Bqww\"><div class=\"guten-background-overlay\"><\/div><div class=\"sticky-wrapper\" data-id=\"n7Bqww\"><div class=\"guten-column-wrapper\">\n<div class=\"wp-block-gutenverse-image guten-element guten-image guten-yNBZQX\"><a class=\"guten-image-wrapper\"><img loading=\"lazy\" decoding=\"async\" class=\"gutenverse-image-box-filled\" src=\"http:\/\/74.234.24.151\/wp-content\/uploads\/2024\/01\/cerebro-pastillas.jpg\" height=\"680\" width=\"940\"\/><\/a><\/div>\n\n\n\n<div class=\"guten-element guten-tDITsT guten-icon-box icon-position-left\"><div class=\"guten-icon-box-wrapper hover-from-left\"><div class=\"icon-box icon-box-body\"><h2 class=\"title\">Patolog\u00eda dual<\/h2><p class=\"icon-box-description\">Cuando una enfermedad mental ocurre simult\u00e1neamente al problema de consumo, se conoce como patolog\u00eda dual.<br>Disponemos de un programa espec\u00edfico de atenci\u00f3n a la patolog\u00eda dual. Tambi\u00e9n de un programa de administraci\u00f3n de antipsic\u00f3ticos inyectables de larga duraci\u00f3n para el enfermo mental severo en coordinaci\u00f3n con el Servicio de Farmacia del CHUAC.<\/p><\/div><\/div><\/div>\n<\/div><\/div><\/div>\n<\/div><\/section><\/div>\n<\/div><\/div><\/div>\n<\/div><\/section><\/div>\n\n\n\n<div class=\"section-wrapper\" data-id=\"oCEhrG\"><section class=\"wp-block-gutenverse-section guten-element guten-section guten-oCEhrG layout-boxed align-stretch\"><div class=\"guten-background-overlay\"><\/div><div class=\"guten-shape-divider guten-shape-divider-top\"><\/div><div class=\"guten-shape-divider guten-shape-divider-bottom\"><\/div><div class=\"guten-container guten-column-gap-no\">\n<div class=\"wp-block-gutenverse-column guten-element guten-column guten-Ljnylt\"><div class=\"guten-background-overlay\"><\/div><div class=\"sticky-wrapper\" data-id=\"Ljnylt\"><div class=\"guten-column-wrapper\">\n<h2 class=\"wp-block-gutenverse-heading guten-element guten-adfs0e animated guten-element-hide desktop-fadeInUp\">Nuestros programas espec\u00edficos<\/h2>\n\n\n\n<div class=\"guten-element guten-testimonials guten-MNO08q animated guten-element-hide desktop-fadeInUp style-1 quote-override\"><div class=\"testimonials-list\"><div id=\"guten-MNO08q\" class=\"swiper-container\" data-loop=\"false\" data-autoplay=\"false\" data-timeout=\"2400\" data-nav=\"false\" data-arrow=\"true\" data-breakpoints=\"{&quot;0&quot;:{&quot;spaceBetween&quot;:10,&quot;slidesPerView&quot;:1},&quot;768&quot;:{&quot;spaceBetween&quot;:10,&quot;slidesPerView&quot;:2},&quot;1024&quot;:{&quot;spaceBetween&quot;:10,&quot;slidesPerView&quot;:3}}\"><div class=\"swiper-wrapper\"><div class=\"swiper-slide\"><div class=\"guten-testimonial-item\"><div class=\"testimonial-box hover-from-left\"><div class=\"testimonial-slider hover-from-left\"><div class=\"comment-bio\"><div class=\"profile-image\"><img decoding=\"async\" src=\"http:\/\/74.234.24.151\/wp-content\/uploads\/2024\/01\/adormidera.jpg\" alt=\"Mantenimiento con derivados opi\u00e1ceos\"\/><\/div><ul class=\"rating-stars\"><\/ul><span class=\"profile-info\"><strong class=\"profile-name\">Mantenimiento con derivados opi\u00e1ceos<\/strong><p class=\"profile-des\"><\/p><\/span><\/div><div class=\"comment-content\"><p>Disponemos de tres tratamientos para el trastorno por uso de opi\u00e1ceos: metadona, buprenorfina sublingual y buprenorfina subcut\u00e1nea<\/p><\/div><\/div><\/div><\/div><\/div><div class=\"swiper-slide\"><div class=\"guten-testimonial-item\"><div class=\"testimonial-box hover-from-left\"><div class=\"testimonial-slider hover-from-left\"><div class=\"comment-bio\"><div class=\"profile-image\"><img decoding=\"async\" src=\"http:\/\/74.234.24.151\/wp-content\/uploads\/2024\/01\/alcohol.jpg\" alt=\"Interdictores del alcohol\"\/><\/div><ul class=\"rating-stars\"><\/ul><span class=\"profile-info\"><strong class=\"profile-name\">Interdictores del alcohol<\/strong><p class=\"profile-des\"><\/p><\/span><\/div><div class=\"comment-content\"><p>Este tipo de tratamientos funcionan como aversionantes al alcohol, provocando reacciones desagradables en el cuerpo si se consume alcohol.<\/p><\/div><\/div><\/div><\/div><\/div><div class=\"swiper-slide\"><div class=\"guten-testimonial-item\"><div class=\"testimonial-box hover-from-left\"><div class=\"testimonial-slider hover-from-left\"><div class=\"comment-bio\"><div class=\"profile-image\"><img decoding=\"async\" src=\"http:\/\/74.234.24.151\/wp-content\/uploads\/2024\/01\/What-is-Hepatitis-C-scaled.jpg\" alt=\"Prevenci\u00f3n y control de la hepatitis B y C\"\/><\/div><ul class=\"rating-stars\"><\/ul><span class=\"profile-info\"><strong class=\"profile-name\">Prevenci\u00f3n y control de la hepatitis B y C<\/strong><p class=\"profile-des\"><\/p><\/span><\/div><div class=\"comment-content\"><p>Alineados con los planes estrat\u00e9gicos del Ministerio de Sanidad, buscamos reducir la incidencia de la enfermedad y facilitar el acceso al tratamiento<\/p><\/div><\/div><\/div><\/div><\/div><div class=\"swiper-slide\"><div class=\"guten-testimonial-item\"><div class=\"testimonial-box hover-from-left\"><div class=\"testimonial-slider hover-from-left\"><div class=\"comment-bio\"><div class=\"profile-image\"><img decoding=\"async\" src=\"http:\/\/74.234.24.151\/wp-content\/uploads\/2024\/01\/tuberculosis.jpg\" alt=\"Diagn\u00f3stico y tratamiento de la tuberculosis\"\/><\/div><ul class=\"rating-stars\"><\/ul><span class=\"profile-info\"><strong class=\"profile-name\">Diagn\u00f3stico y tratamiento de la tuberculosis<\/strong><p class=\"profile-des\"><\/p><\/span><\/div><div class=\"comment-content\"><p>El consumo de sustancias puede aumentar el riesgo de contraer tuberculosis porque se debilita el sistema inmunol\u00f3gico y nos hacemos m\u00e1s susceptibles a las infecciones<\/p><\/div><\/div><\/div><\/div><\/div><div class=\"swiper-slide\"><div class=\"guten-testimonial-item\"><div class=\"testimonial-box hover-from-left\"><div class=\"testimonial-slider hover-from-left\"><div class=\"comment-bio\"><div class=\"profile-image\"><img decoding=\"async\" src=\"http:\/\/74.234.24.151\/wp-content\/uploads\/2024\/01\/cerebro-pastillas.jpg\" alt=\"Atenci\u00f3n a la patolog\u00eda dual\"\/><\/div><ul class=\"rating-stars\"><\/ul><span class=\"profile-info\"><strong class=\"profile-name\">Atenci\u00f3n a la patolog\u00eda dual<\/strong><p class=\"profile-des\"><\/p><\/span><\/div><div class=\"comment-content\"><p>Contamos con programas espec\u00edficos con especialistas en el tratamiento de enfermedades mentales que se presentan junto a patolog\u00edas f\u00edsicas<\/p><\/div><\/div><\/div><\/div><\/div><div class=\"swiper-slide\"><div class=\"guten-testimonial-item\"><div class=\"testimonial-box hover-from-left\"><div class=\"testimonial-slider hover-from-left\"><div class=\"comment-bio\"><div class=\"profile-image\"><img decoding=\"async\" src=\"http:\/\/74.234.24.151\/wp-content\/uploads\/2024\/01\/antipsicoticos-inyectables.jpg\" alt=\"Antipsic\u00f3ticos inyectables de larga duraci\u00f3n\"\/><\/div><ul class=\"rating-stars\"><\/ul><span class=\"profile-info\"><strong class=\"profile-name\">Antipsic\u00f3ticos inyectables de larga duraci\u00f3n<\/strong><p class=\"profile-des\"><\/p><\/span><\/div><div class=\"comment-content\"><p>Nuestro programa de administraci\u00f3n de antipsic\u00f3ticos inyectables de larga duraci\u00f3n trabaja en coordinaci\u00f3n con el Servicio de Farmacia del CHUAC<\/p><\/div><\/div><\/div><\/div><\/div><div class=\"swiper-slide\"><div class=\"guten-testimonial-item\"><div class=\"testimonial-box hover-from-left\"><div class=\"testimonial-slider hover-from-left\"><div class=\"comment-bio\"><div class=\"profile-image\"><img decoding=\"async\" src=\"http:\/\/74.234.24.151\/wp-content\/uploads\/2024\/01\/gestantes.jpg\" alt=\"Atenci\u00f3n a gestantes\"\/><\/div><ul class=\"rating-stars\"><\/ul><span class=\"profile-info\"><strong class=\"profile-name\">Atenci\u00f3n a gestantes<\/strong><p class=\"profile-des\"><\/p><\/span><\/div><div class=\"comment-content\"><p>Una mujer gestante requiere especial atenci\u00f3n, pero m\u00e1s a\u00fan en el caso de chicas que consumen sustancias que no solo les afectan a ellas, sino tambi\u00e9n al feto<\/p><\/div><\/div><\/div><\/div><\/div><div class=\"swiper-slide\"><div class=\"guten-testimonial-item\"><div class=\"testimonial-box hover-from-left\"><div class=\"testimonial-slider hover-from-left\"><div class=\"comment-bio\"><div class=\"profile-image\"><img decoding=\"async\" src=\"http:\/\/74.234.24.151\/wp-content\/uploads\/2024\/01\/MOTIVACION.png\" alt=\"Otros programas\"\/><\/div><ul class=\"rating-stars\"><\/ul><span class=\"profile-info\"><strong class=\"profile-name\">Otros programas<\/strong><p class=\"profile-des\"><\/p><\/span><\/div><div class=\"comment-content\"><p>Programa de prevenci\u00f3n de reca\u00eddas, programa de adicci\u00f3n sin sustancias, programa de chemsex, programa libre de drogas o programa de consumo de menor riesgo y prevenci\u00f3n de sobredosis, entre otros<\/p><\/div><\/div><\/div><\/div><\/div><\/div><div class=\"swiper-button-prev\"><\/div><div class=\"swiper-button-next\"><\/div><\/div><\/div><\/div>\n<\/div><\/div><\/div>\n<\/div><\/section><\/div>\n\n\n\n<div class=\"guten-element guten-button-wrapper guten-CN89Aw\"><a class=\"guten-button guten-button-md\" href=\"http:\/\/74.234.24.151\/areas-programas\/\"><span>VOLVER A \u00c1REAS<\/span><\/a><\/div>","protected":false},"excerpt":{"rendered":"","protected":false},"author":2,"featured_media":2592,"parent":967,"menu_order":0,"comment_status":"closed","ping_status":"closed","template":"","meta":{"iawp_total_views":169,"footnotes":""},"class_list":["post-2185","page","type-page","status-publish","has-post-thumbnail","hentry"],"_links":{"self":[{"href":"https:\/\/xn--acladcorua-19a.es\/gl\/wp-json\/wp\/v2\/pages\/2185"}],"collection":[{"href":"https:\/\/xn--acladcorua-19a.es\/gl\/wp-json\/wp\/v2\/pages"}],"about":[{"href":"https:\/\/xn--acladcorua-19a.es\/gl\/wp-json\/wp\/v2\/types\/page"}],"author":[{"embeddable":true,"href":"https:\/\/xn--acladcorua-19a.es\/gl\/wp-json\/wp\/v2\/users\/2"}],"replies":[{"embeddable":true,"href":"https:\/\/xn--acladcorua-19a.es\/gl\/wp-json\/wp\/v2\/comments?post=2185"}],"version-history":[{"count":12,"href":"https:\/\/xn--acladcorua-19a.es\/gl\/wp-json\/wp\/v2\/pages\/2185\/revisions"}],"predecessor-version":[{"id":2616,"href":"https:\/\/xn--acladcorua-19a.es\/gl\/wp-json\/wp\/v2\/pages\/2185\/revisions\/2616"}],"up":[{"embeddable":true,"href":"https:\/\/xn--acladcorua-19a.es\/gl\/wp-json\/wp\/v2\/pages\/967"}],"wp:featuredmedia":[{"embeddable":true,"href":"https:\/\/xn--acladcorua-19a.es\/gl\/wp-json\/wp\/v2\/media\/2592"}],"wp:attachment":[{"href":"https:\/\/xn--acladcorua-19a.es\/gl\/wp-json\/wp\/v2\/media?parent=2185"}],"curies":[{"name":"wp","href":"https:\/\/api.w.org\/{rel}","templated":true}]}}